{"id":188,"date":"2010-05-10T11:11:31","date_gmt":"2010-05-10T10:11:31","guid":{"rendered":"http:\/\/otri.zeus.umh.es\/?page_id=188"},"modified":"2012-10-25T12:31:57","modified_gmt":"2012-10-25T12:31:57","slug":"programa-nacional-de-contratacion-e-incorporacion-de-rrhh-de-investigacion","status":"publish","type":"page","link":"https:\/\/sgi.umh.es\/en\/financiacion-idi\/rrhh-de-investigacion\/contratacion\/programa-nacional-de-contratacion-e-incorporacion-de-rrhh-de-investigacion\/","title":{"rendered":"Programa Nacional de Contrataci\u00f3n e Incorporaci\u00f3n de RRHH de Investigaci\u00f3n"},"content":{"rendered":"<p><\/p>\n<p><p>Dentro de la l\u00ednea instrumental de Recursos Humanos, el Programa Nacional de Contrataci\u00f3n e Incorporaci\u00f3n de Recursos Humanos tiene el objetivo de promover el aumento de los recursos humanos dedicados a I+D e innovaci\u00f3n en Espa\u00f1a, tanto en los organismos de investigaci\u00f3n como en las empresas, de cara a su estabilizaci\u00f3n.<\/p>\n<p>Por un lado, se trata de favorecer la carrera de los investigadores j\u00f3venes, en el contexto de la renovaci\u00f3n generacional de las plantillas de las Universidades y OPIS, as\u00ed como de incentivar las pr\u00e1cticas rigurosas de selecci\u00f3n de personal de reconocida competencia investigadora. Por otro, se trata de apoyar y reforzar la contrataci\u00f3n de personal altamente cualificado en el sector empresarial (PYMES\u00a0y organismos privados de investigaci\u00f3n sin fines de lucro, especialmente), as\u00ed como potenciar la movilidad horizontal entre OPIS, universidades y empresas.<\/p>\n<p><em><strong>SUBPROGRAMAS:<\/strong><\/em><\/p>\n<ul>\n<li><a href=\"https:\/\/otri.umh.es\/financiacion-idi\/rrhh-de-investigacion\/contratacion\/programa-nacional-de-contratacion-e-incorporacion-de-rrhh-de-investigacion\/subprograma-ramon-y-cajal\/\" target=\"_self\">RAM\u00d3N Y CAJAL<\/a><\/li>\n<li><a href=\"https:\/\/otri.umh.es\/financiacion-idi\/rrhh-de-investigacion\/contratacion\/programa-nacional-de-contratacion-e-incorporacion-de-rrhh-de-investigacion\/subprograma-juan-de-la-cierva\/\" target=\"_self\">JUAN DE LA CIERVA<\/a><\/li>\n<li><a href=\"https:\/\/otri.umh.es\/2010\/12\/13\/torres-quevedo\/\" target=\"_self\">TORRES QUEVEDO &#8211; Programa Inncorpora<\/a><\/li>\n<\/ul>\n<p><\/p>","protected":false},"excerpt":{"rendered":"<p>Dentro de la l\u00ednea instrumental de Recursos Humanos, el Programa Nacional de Contrataci\u00f3n e Incorporaci\u00f3n de Recursos Humanos tiene el objetivo de promover el aumento de los recursos humanos dedicados a I+D e innovaci\u00f3n en Espa\u00f1a, tanto en los organismos de investigaci\u00f3n como en las empresas, de cara a su estabilizaci\u00f3n.<br \/>\nPor un lado, se trata [&#8230;]<\/p>\n","protected":false},"author":475,"featured_media":0,"parent":65,"menu_order":0,"comment_status":"closed","ping_status":"closed","template":"","meta":{"_links_to":"","_links_to_target":""},"_links":{"self":[{"href":"https:\/\/sgi.umh.es\/en\/wp-json\/wp\/v2\/pages\/188"}],"collection":[{"href":"https:\/\/sgi.umh.es\/en\/wp-json\/wp\/v2\/pages"}],"about":[{"href":"https:\/\/sgi.umh.es\/en\/wp-json\/wp\/v2\/types\/page"}],"author":[{"embeddable":true,"href":"https:\/\/sgi.umh.es\/en\/wp-json\/wp\/v2\/users\/475"}],"replies":[{"embeddable":true,"href":"https:\/\/sgi.umh.es\/en\/wp-json\/wp\/v2\/comments?post=188"}],"version-history":[{"count":0,"href":"https:\/\/sgi.umh.es\/en\/wp-json\/wp\/v2\/pages\/188\/revisions"}],"up":[{"embeddable":true,"href":"https:\/\/sgi.umh.es\/en\/wp-json\/wp\/v2\/pages\/65"}],"wp:attachment":[{"href":"https:\/\/sgi.umh.es\/en\/wp-json\/wp\/v2\/media?parent=188"}],"curies":[{"name":"wp","href":"https:\/\/api.w.org\/{rel}","templated":true}]}}