{"id":290,"date":"2010-05-25T12:37:11","date_gmt":"2010-05-25T11:37:11","guid":{"rendered":"http:\/\/otri.zeus.umh.es\/?page_id=290"},"modified":"2025-05-27T09:34:25","modified_gmt":"2025-05-27T07:34:25","slug":"convocatorias","status":"publish","type":"page","link":"https:\/\/sgi.umh.es\/ca\/financiacion-idi\/proyectos-de-investigacion\/ayudas-nacionales-idi\/convocatorias\/","title":{"rendered":"Oportunitats de finan\u00e7ament &#8211; Convocat\u00f2ries"},"content":{"rendered":"<p><\/p>\n<p style=\"text-align: justify\"><strong>PROJECTES R+D<\/strong><\/p>\n<p style=\"text-align: justify\">A trav\u00e9s dels seg\u00fcents enlla\u00e7os es pot accedir als diferents programes de finan\u00e7ament de projectes de R+D:<\/p>\n<ul>\n<li><span style=\"color: #000000\"><a style=\"color: #000000\" href=\"https:\/\/otri.umh.es\/ca\/financiacion-idi\/proyectos-de-investigacion\/ayudas-nacionales-idi\/convocatorias\/programas-nacionales\/\" target=\"_self\" rel=\"noopener noreferrer\">Programes Nacionals<\/a><\/span><\/li>\n<li><span style=\"color: #000000\"><a style=\"color: #000000\" href=\"https:\/\/otri.umh.es\/ca\/financiacion-idi\/proyectos-de-investigacion\/ayudas-nacionales-idi\/convocatorias\/programas-autonomicos\/\" target=\"_self\" rel=\"noopener noreferrer\">Programes Auton\u00f2mics<\/a><\/span><\/li>\n<li><span style=\"color: #000000\"><a style=\"color: #000000\" href=\"https:\/\/otri.umh.es\/ca\/financiacion-idi\/proyectos-de-investigacion\/ayudas-nacionales-idi\/convocatorias\/programas-propios\/\" target=\"_self\" rel=\"noopener noreferrer\">Programes propis<\/a><\/span><\/li>\n<li><span style=\"color: #000000\"><a style=\"color: #000000\" href=\"https:\/\/otri.umh.es\/ca\/financiacion-idi\/proyectos-de-investigacion\/ayudas-nacionales-idi\/convocatorias\/otros-epsfl\/\" target=\"_self\" rel=\"noopener noreferrer\">Altres (EPSAL)<\/a><\/span><\/li>\n<\/ul>\n<div style=\"text-align: justify\"><span style=\"color: #0000ff\"><strong><span style=\"color: #000000\">PROJECTES DE R+D COL\u00b7LABORATIUS<\/span><\/strong><\/span><\/div>\n<div style=\"text-align: justify\"><span style=\"color: #0000ff\"><strong><span style=\"color: #000000\">\u00a0<\/span><\/strong><\/span><\/div>\n<div style=\"text-align: justify\"><span style=\"color: #0000ff\"><span style=\"color: #000000\">Els projectes de R+D col\u00b7laboratius s\u00f3n projectes de cooperaci\u00f3 p\u00fablic-privada en el desenvolupament de la qual interv\u00e9 m\u00e9s d&#8217;un dels potencials beneficiaris, que poden pert\u00e0nyer o no al mateix tipus. Per regla general, aquests projectes s\u00f3n coordinats per empreses.\u00a0<strong>\u00a0<\/strong><\/span><\/span><\/div>\n<div style=\"text-align: justify\"><span style=\"color: #0000ff\"><span style=\"color: #000000\"><strong>\u00a0<\/strong><\/span><\/span><\/div>\n<div style=\"text-align: justify\">Igualment els projectes poden comptar amb <span style=\"color: #000000\">subcontractacions <\/span>d&#8217;organismes que no figuren com a beneficiaris del projecte. Els participants en el projecte han de formar una agrupaci\u00f3 sense personalitat jur\u00eddica les relacions de la qual es formalitzen documentalment mitjan\u00e7ant un <span style=\"color: #000000\"><a style=\"color: #000000\" href=\"https:\/\/otri.umh.es\/ca\/contratos-y-convenios\/otros-contratos-y-convenios\/\" rel=\"noopener noreferrer\">contracte, conveni o acord <\/a><\/span>en el qual s&#8217;establisquen els drets i obligacions de cadascuna de les parts.<\/div>\n<div><\/div>\n<div>Quan la UMH participe com a subcontractada en un projecte de R+D tamb\u00e9 ser\u00e0 necess\u00e0ria la formalitzaci\u00f3 d&#8217;un acord pel qual es regule la col\u00b7laboraci\u00f3.<\/div>\n<p>A continuaci\u00f3 pot trobar les convocat\u00f2ries d&#8217;ajudes que financen projectes de R+D col\u00b7laboratius, que s\u00f3n d&#8217;inter\u00e8s per a les Universitats P\u00fabliques:<\/p>\n<ul>\n<li><span style=\"color: #000000\"><a style=\"color: #000000\" href=\"https:\/\/otri.umh.es\/ca\/financiacion-idi\/proyectos-de-investigacion\/ayudas-nacionales-idi\/convocatorias\/proyectos-colaborativos\/programas-nacionales\/\" rel=\"noopener noreferrer\">Programes Nacionals<\/a><\/span><\/li>\n<li><span style=\"color: #000000\"><a style=\"color: #000000\" href=\"https:\/\/otri.umh.es\/ca\/financiacion-idi\/proyectos-de-investigacion\/ayudas-nacionales-idi\/convocatorias\/proyectos-colaborativos\/programas-autonomicos\/\" rel=\"noopener noreferrer\">Programes Auton\u00f2mics<\/a><\/span><\/li>\n<\/ul>\n<p><\/p>","protected":false},"excerpt":{"rendered":"<p>PROJECTES R+D<br \/>\nA trav\u00e9s dels seg\u00fcents enlla\u00e7os es pot accedir als diferents programes de finan\u00e7ament de projectes de R+D:<\/p>\n<p>Programes Nacionals<br \/>\nProgrames Auton\u00f2mics<br \/>\nProgrames propis<br \/>\nAltres (EPSAL)<\/p>\n<p>PROJECTES DE R+D COL\u00b7LABORATIUS<br \/>\n\u00a0<br \/>\nEls projectes de R+D col\u00b7laboratius s\u00f3n projectes de cooperaci\u00f3 p\u00fablic-privada en el desenvolupament de la qual interv\u00e9 m\u00e9s d&#8217;un dels potencials beneficiaris, que poden pert\u00e0nyer o no al mateix tipus. Per [&#8230;]<\/p>\n","protected":false},"author":475,"featured_media":0,"parent":61,"menu_order":0,"comment_status":"closed","ping_status":"closed","template":"","meta":{"_links_to":"","_links_to_target":""},"_links":{"self":[{"href":"https:\/\/sgi.umh.es\/ca\/wp-json\/wp\/v2\/pages\/290"}],"collection":[{"href":"https:\/\/sgi.umh.es\/ca\/wp-json\/wp\/v2\/pages"}],"about":[{"href":"https:\/\/sgi.umh.es\/ca\/wp-json\/wp\/v2\/types\/page"}],"author":[{"embeddable":true,"href":"https:\/\/sgi.umh.es\/ca\/wp-json\/wp\/v2\/users\/475"}],"replies":[{"embeddable":true,"href":"https:\/\/sgi.umh.es\/ca\/wp-json\/wp\/v2\/comments?post=290"}],"version-history":[{"count":0,"href":"https:\/\/sgi.umh.es\/ca\/wp-json\/wp\/v2\/pages\/290\/revisions"}],"up":[{"embeddable":true,"href":"https:\/\/sgi.umh.es\/ca\/wp-json\/wp\/v2\/pages\/61"}],"wp:attachment":[{"href":"https:\/\/sgi.umh.es\/ca\/wp-json\/wp\/v2\/media?parent=290"}],"curies":[{"name":"wp","href":"https:\/\/api.w.org\/{rel}","templated":true}]}}