{"id":2868,"date":"2012-11-20T12:11:31","date_gmt":"2012-11-20T11:11:31","guid":{"rendered":"http:\/\/otri.umh.es\/?page_id=2868"},"modified":"2026-07-10T14:10:32","modified_gmt":"2026-07-10T12:10:32","slug":"horizon-2020","status":"publish","type":"page","link":"https:\/\/sgi.umh.es\/ca\/horizon-2020\/","title":{"rendered":"HORIZON 2020"},"content":{"rendered":"<p><\/p>\n<p style=\"text-align: left\"><span style=\"color: #000000\"><strong><a style=\"color: #000000\" href=\"https:\/\/otri.umh.es\/ca\/horizon-2020\/convocatorias-horizon-2020\/\" rel=\"noopener noreferrer\">Convocat\u00f2ries HORIZON 2020<\/a><\/strong><\/span><\/p>\n<p style=\"text-align: center\"><span style=\"color: #000000\"><img loading=\"lazy\" class=\"aligncenter wp-image-2867 size-medium\" src=\"https:\/\/otri.umh.es\/files\/2012\/11\/images-300x136.jpg\" alt=\"images\" width=\"300\" height=\"136\" srcset=\"https:\/\/sgi.umh.es\/files\/2012\/11\/images-300x136.jpg 300w, https:\/\/sgi.umh.es\/files\/2012\/11\/images.jpg 333w\" sizes=\"(max-width: 300px) 100vw, 300px\" \/><\/span><\/p>\n<p><span style=\"color: #000000\">La Comissi\u00f3 Europea ha presentat el programa <strong>HORIZON 2020<\/strong> per a 2014-2020, dotat amb 80.000 milions d&#8217;euros, que ser\u00e0 clau en l&#8217;aplicaci\u00f3 de la \u201cUni\u00f3 per la Innovaci\u00f3\u201d, per a un creixement intel\u00b7ligent, sostenible i integrador.\u00a0<\/span><\/p>\n<p><span style=\"color: #000000\">En el <a style=\"color: #000000\" href=\"https:\/\/otri.umh.es\/files\/2012\/11\/HORIZONTE-2020-BLOG.pdf\" rel=\"noopener noreferrer\">document adjunt <\/a>\u00a0es resumeixen els detalls m\u00e9s significatius d\u2019aquest programa i es detallen les estructures que es desenvoluparan per a la seua implementaci\u00f3.<\/span><\/p>\n<p><strong>COM PARTICIPAR EN EL HORIZON 2020<\/strong><\/p>\n<p><span style=\"color: #000000\"><strong><a style=\"color: #000000\" href=\"https:\/\/otri.umh.es\/files\/2012\/11\/Presentacion-General-H2020.pdf\" rel=\"noopener noreferrer\">Presentaci\u00f3 General\u00a0H2020<\/a>\u00a0<\/strong><\/span><\/p>\n<p><span style=\"color: #000000\"><strong><a style=\"color: #000000\" href=\"https:\/\/otri.umh.es\/files\/2012\/11\/GUIA_Rapida_H2020.pdf\" rel=\"noopener noreferrer\">Guia per a la participaci\u00f3 en\u00a0HORIZON 2020<\/a>\u00a0<\/strong><\/span><\/p>\n<p><span style=\"color: #000000\"><a style=\"color: #000000\" href=\"https:\/\/otri.umh.es\/files\/2012\/11\/Manual-para-la-Gesti\u00f3n-de-costes-en-HORIZONTE-2020_-Val.pdf\" rel=\"noopener noreferrer\"><strong>Manual per a la gesti\u00f3 de les despeses imputades en projectes del programa <\/strong><strong>HORIZON 2020<\/strong><\/a>\u00a0<\/span><\/p>\n<p><span style=\"color: #000000\"><a style=\"color: #000000\" href=\"https:\/\/otri.umh.es\/files\/2012\/11\/Partnering_RI_COM2011-572-final.pdf\" rel=\"noopener noreferrer\"><strong>Descripci\u00f3 d&#8217;estructures p\u00fabliques i publique-privades en HORIZON 2020<\/strong><\/a>\u00a0<\/span><\/p>\n<p><span style=\"color: #000000\">Si desitja disposar d\u2019una visi\u00f3 general sobre els aspectes fonamentals dels Projectes del Programa Marque, i en particular com preparar una proposta, pot consultar <a style=\"color: #000000\" href=\"https:\/\/otri.umh.es\/ca\/las-10-cosas-que-usted-debe-saber-sobre%E2%80%A6\/\" target=\"_blank\" rel=\"noopener noreferrer\">Les 10 coses que V\u00e8. ha de saber per a preparar un Projecte Europeu<\/a> <img loading=\"lazy\" class=\"alignnone size-full wp-image-21020\" src=\"https:\/\/sgi.umh.es\/files\/2023\/03\/abre-en-nueva-ventana-e1727339339203.png\" alt=\"Abre en ventana nueva\" width=\"10\" height=\"10\" \/><\/span><\/p>\n<p><span style=\"color: #000000\"><strong>Informaci\u00f3 general relacionada amb oportunitats de finan\u00e7ament:<\/strong><\/span><\/p>\n<ul>\n<li><span style=\"color: #000000\"><a style=\"color: #000000\" href=\"https:\/\/otri.umh.es\/files\/2010\/02\/Pol%C3%ADticas-de-Acceso-Abierto-H2020.pdf\" rel=\"noopener noreferrer\">Pol\u00edtiques d\u2019acc\u00e9s obert, d\u2019aplicaci\u00f3 a les publicacions de resultats obtinguts per la recerca finan\u00e7ada mitjan\u00e7ant el Programa Marque Europeu\u00a0<u>HORIZON\u00a0<\/u>2020 i altres Programes Internacionals.<\/a><\/span><\/li>\n<\/ul>\n<p>&nbsp;<\/p>","protected":false},"excerpt":{"rendered":"<p>Convocat\u00f2ries HORIZON 2020<\/p>\n<p>La Comissi\u00f3 Europea ha presentat el programa HORIZON 2020 per a 2014-2020, dotat amb 80.000 milions d&#8217;euros, que ser\u00e0 clau en l&#8217;aplicaci\u00f3 de la \u201cUni\u00f3 per la Innovaci\u00f3\u201d, per a un creixement intel\u00b7ligent, sostenible i integrador.\u00a0<br \/>\nEn el document adjunt \u00a0es resumeixen els detalls m\u00e9s significatius d\u2019aquest programa i es detallen les estructures que [&#8230;]<\/p>\n","protected":false},"author":479,"featured_media":0,"parent":0,"menu_order":0,"comment_status":"closed","ping_status":"open","template":"","meta":{"_links_to":"","_links_to_target":""},"_links":{"self":[{"href":"https:\/\/sgi.umh.es\/ca\/wp-json\/wp\/v2\/pages\/2868"}],"collection":[{"href":"https:\/\/sgi.umh.es\/ca\/wp-json\/wp\/v2\/pages"}],"about":[{"href":"https:\/\/sgi.umh.es\/ca\/wp-json\/wp\/v2\/types\/page"}],"author":[{"embeddable":true,"href":"https:\/\/sgi.umh.es\/ca\/wp-json\/wp\/v2\/users\/479"}],"replies":[{"embeddable":true,"href":"https:\/\/sgi.umh.es\/ca\/wp-json\/wp\/v2\/comments?post=2868"}],"version-history":[{"count":0,"href":"https:\/\/sgi.umh.es\/ca\/wp-json\/wp\/v2\/pages\/2868\/revisions"}],"wp:attachment":[{"href":"https:\/\/sgi.umh.es\/ca\/wp-json\/wp\/v2\/media?parent=2868"}],"curies":[{"name":"wp","href":"https:\/\/api.w.org\/{rel}","templated":true}]}}