{"id":163,"date":"2010-04-28T15:11:57","date_gmt":"2010-04-28T14:11:57","guid":{"rendered":"http:\/\/otri.zeus.umh.es\/?page_id=163"},"modified":"2026-03-12T15:06:55","modified_gmt":"2026-03-12T14:06:55","slug":"premios","status":"publish","type":"page","link":"https:\/\/sgi.umh.es\/ca\/financiacion-idi\/otras-convocatorias\/premios\/","title":{"rendered":"<span lang=\"es\">(Espa\u00f1ol) Premios<\/span>"},"content":{"rendered":"<p><\/p>\n<p style=\"text-align: justify\"><span style=\"color: #000000\">Si desitja <strong>rebre informaci\u00f3 actualitzada sobre les noves convocat\u00f2ries de Premis<\/strong> que es vagen publicant en aquest apartat, ha de fer-ho a trav\u00e9s de la font de continguts <strong>RSS<\/strong> situada en la part inferior esquerra de la pantalla, en la qual es mostren totes les <strong>categories<\/strong>, en les quals est\u00e0 classificat aquest blog, <strong>a les quals pot subscriure&#8217;s<\/strong>.<\/span><\/p>\n<p style=\"text-align: justify\"><span style=\"color: #808080\">________________________________________________________________________________________<\/span><\/p>\n<h5>2022<\/h5>\n<p><a href=\"https:\/\/otri.umh.es\/2022\/05\/25\/8a-edicion-premios-constantes-y-vitales\/\">Premios Constantes y Vitales 8\u00aa Ed.<\/a><\/p>\n<p><span style=\"color: #000000\"><a style=\"color: #000000\" href=\"https:\/\/otri.umh.es\/2022\/03\/23\/convocatoria-premios-y-ayudas-investigacion-2022-iac\/\"><span style=\"color: #000080\">Premios y Ayudas IAC<\/span><\/a><\/span><\/p>\n<p><span style=\"color: #000080\"><a style=\"color: #000080\" href=\"https:\/\/otri.umh.es\/2022\/03\/16\/premios-de-investigacion-y-estudio-antonio-dionis-soler\/\">Premios de Investigaci\u00f3n y Estudio Antonio Dionis Soler<\/a><\/span><\/p>\n<p><span style=\"color: #000080\"><a style=\"color: #000080\" href=\"https:\/\/otri.umh.es\/2022\/03\/15\/premios-de-fisica-real-sociedad-espanola-de-fisica-_-fundacion-bbva\/\">Premios de F\u00edsica RSEF 2022 &#8211; Fundaci\u00f3n BBVA<\/a><\/span><\/p>\n<p><span style=\"color: #000080\"><a style=\"color: #000080\" href=\"https:\/\/otri.umh.es\/2022\/03\/11\/premio-nacional-de-estadistica\/\">Premio Nacional de Estad\u00edstica<\/a><\/span><\/p>\n<p><span style=\"color: #000080\"><a style=\"color: #000080\" href=\"https:\/\/otri.umh.es\/2022\/03\/07\/premios-sociales-fundacion-mapfre\/\">Premios Sociales Fundaci\u00f3n Mapfre<\/a><\/span><\/p>\n<p><span style=\"color: #000080\"><a style=\"color: #000080\" href=\"https:\/\/otri.umh.es\/2022\/03\/02\/xvii-premios-a-la-conservacion-de-la-biodiversidad-biophilia\/\">XVII Premios a la Conservaci\u00f3n de la Biodiversidad-Fundaci\u00f3n BBVA<\/a><\/span><\/p>\n<p><span style=\"color: #000080\"><a style=\"color: #000080\" href=\"https:\/\/otri.umh.es\/2022\/02\/14\/premio-fidel-pages-mirave-en-su-xi-edicion\/\">Premio Fidel Pag\u00e9s Mirav\u00e9s, XI Ed.<\/a><\/span><\/p>\n<p><span style=\"color: #000080\"><a style=\"color: #000080\" href=\"https:\/\/otri.umh.es\/2022\/02\/04\/convocatoria-premios-de-la-nueva-bauhaus-europea-2022\/\">Premios de la Nueva Bauhaus Europea 2022<\/a><\/span><\/p>\n<p><span style=\"color: #000080\"><a style=\"color: #000080\" href=\"https:\/\/otri.umh.es\/2022\/01\/24\/premios-fundacion-bbva-fronteras-del-conocimiento-2\/\">Premios Fundaci\u00f3n BBVA Fronteras del conocimiento<\/a><\/span><\/p>\n<p><span style=\"color: #000080\"><a style=\"color: #000080\" href=\"https:\/\/otri.umh.es\/2022\/01\/24\/premios-rei-jaume-i-2022\/\">Premios 2022 Rei Jaume I<\/a><\/span><\/p>\n<p><span style=\"color: #000080\"><a style=\"color: #000080\" href=\"https:\/\/otri.umh.es\/2022\/01\/20\/premios-a-la-investigacion-fundacion-jesus-serra-2022\/\">Premios a la Investigaci\u00f3n Fundaci\u00f3n Jes\u00fas Serra 2022<\/a><\/span><\/p>\n<p><span style=\"color: #000080\"><a style=\"color: #000080\" href=\"https:\/\/otri.umh.es\/2022\/01\/20\/premios-dependencia-y-sociedad-2022-fundacion-caser\/\">Premios Dependencia y Sociedad 2022_Fundaci\u00f3n Caser<\/a><\/span><\/p>\n<p><span style=\"color: #000080\"><a style=\"color: #000080\" href=\"https:\/\/otri.umh.es\/2021\/12\/23\/premios-nacionales-de-medio-ambiente-y-energia-2022\/\">Premios Nacionales de Medio Ambiente y Energ\u00eda 2022<\/a><\/span><\/p>\n<p><span style=\"color: #000080\"><a style=\"color: #000080\" href=\"https:\/\/otri.umh.es\/2021\/12\/21\/premios-de-investigacion-2022-sociedad-cientifica-informatica-de-espana-y-fundacion-bbva\/\">Premios de Investigaci\u00f3n 2022 Sociedad inform\u00e1tica y Fundaci\u00f3n BBVA<\/a><\/span><\/p>\n<p><span style=\"color: #000080\"><a style=\"color: #000080\" href=\"https:\/\/otri.umh.es\/2021\/12\/21\/premios-fundacion-lilly-de-investigacion-biomedica-preclinica-y-clinica-2022\/\">Premios Lilly 2022 a la Investigaci\u00f3n Biom\u00e9dica<\/a><\/span><\/p>\n<p>&nbsp;<\/p>\n<p><span style=\"text-decoration: underline\"><em><strong>2021<\/strong><\/em><\/span><\/p>\n<p><a href=\"https:\/\/otri.umh.es\/2021\/10\/08\/premio-sociedad-internacional-de-humanidades-digitales-hispanicas\/\">Premio Sociedad Internacional de Humanidades Digitales Hisp\u00e1nicas &#8211; Fundaci\u00f3n BBVA a la Mejor Tesis Doctoral desarrollada en el campo de las Humanidades Digitales<\/a><\/p>\n<p><a href=\"https:\/\/otri.umh.es\/2021\/09\/28\/premio-carmen-y-severo-ochoa-de-investigacion-en-biologia-molecular-2\/\">Premio Carmen y Severo Ochoa de investigaci\u00f3n en Biolog\u00eda Molecular<\/a><\/p>\n<p><a href=\"https:\/\/otri.umh.es\/2021\/09\/24\/premios-nacionales-de-investigacion-2021\/\">Premios Nacionales de Investigaci\u00f3n<\/a><\/p>\n<p><a href=\"https:\/\/otri.umh.es\/2021\/09\/15\/ix-premio-de-investigacion-del-consejo-economico-y-social-de-la-provincia-de-jaen-2021-2\/\">IX Premio de investigaci\u00f3n del CES _ Provincia Ja\u00e9n<\/a><\/p>\n<p><a href=\"https:\/\/otri.umh.es\/2021\/07\/27\/premios-hestia-2021-a-la-excelencia-en-investigacion-sociosanitaria-y-en-salud-mental-y-covid-19\/\">Premios HESTIA _ Fundaci\u00f3n Hestia y UIC Barcelona<\/a><\/p>\n<p><a href=\"https:\/\/otri.umh.es\/2021\/07\/07\/premios-de-la-delegacion-del-gobierno-contra-la-violencia-de-genero-a-tesis-doctorales-sobre-la-violencia-contra-la-mujer-2021\/\">Premios Tesis Doctorales sobre violencia contra la mujer<\/a><\/p>\n<p><a href=\"https:\/\/otri.umh.es\/2021\/06\/29\/premios-defensa-2021\/\">Premios Defensa 2021<\/a><\/p>\n<p><a href=\"https:\/\/otri.umh.es\/2021\/06\/29\/premios-fundacion-feindef-a-la-innovacion\/\">Premios Fundaci\u00f3n FEINDEF a la innovaci\u00f3n<\/a><\/p>\n<p><a href=\"https:\/\/otri.umh.es\/2021\/06\/11\/premio-instituto-danone-a-la-trayectoria-cientifica\/\">Premio Instituto Danone a la Trayectoria Cient\u00edfica<\/a><\/p>\n<p><a href=\"https:\/\/otri.umh.es\/2021\/06\/02\/premio-cientifico-2021-remedios-caro-almela-de-investigacion-en-neurobiologia-del-desarrollo\/\">Premio Remedios Caro Almela de Investigaci\u00f3n en Neurobiolog\u00eda del Desarrollo<\/a><\/p>\n<p><a href=\"https:\/\/otri.umh.es\/2021\/05\/31\/premio-internacional-menendez-pelayo\/\">Premio Internacional Men\u00e9ndez Pelayo<\/a><\/p>\n<p><a href=\"https:\/\/otri.umh.es\/2021\/05\/12\/premio-nacional-de-sociologia-y-ciencia-politica-2021\/\">Premio Nacional de Sociolog\u00eda y Ciencia Pol\u00edtica<\/a><\/p>\n<p><a href=\"https:\/\/otri.umh.es\/2021\/04\/22\/11a-convocatoria-de-los-premios-agustin-de-betancourt-y-molina-y-juan-lopez-de-penalver-de-la-real-academia-de-ingenieria-destinados-a-investigadores-y-a-profesion\/\">Premios Real Academia de Ingenier\u00eda a investigadores y profesionales j\u00f3venes<\/a><\/p>\n<p><a href=\"https:\/\/otri.umh.es\/2021\/04\/19\/ayudas-a-la-investigacion-2021-_-instituto-de-cultura-alicantino-juan-gil-albert\/\">Ayudas a la investigaci\u00f3n 2021 _ Instituto de Cultura Alicantino Juan Gil Albert<\/a><\/p>\n<p><a href=\"https:\/\/otri.umh.es\/2021\/03\/23\/premios-de-innovacion-cientifica-para-jovenes-investigadores-_-fundacion-pfizer\/\">Premios de innovaci\u00f3n cient\u00edfica _ Fundaci\u00f3n Pfizer<\/a><\/p>\n<p><a href=\"https:\/\/otri.umh.es\/2021\/03\/22\/premio-fiapas-2022-de-investigacion-en-deficiencias-auditivas\/\">Premio FIAPAS 2022<\/a><\/p>\n<p><a href=\"https:\/\/otri.umh.es\/2021\/03\/16\/premio-cosce-a-la-difusion-de-la-ciencia-2021\/\">Premio COSCE\u00a0 a la difusi\u00f3n de la ciencia<\/a><\/p>\n<p><a href=\"https:\/\/otri.umh.es\/2021\/03\/16\/premios-de-fisica-rsef-fundacion-bbva-_-2021\/\">Premios de F\u00edsica _ RSEF &#8211; Fundaci\u00f3n BBVA<\/a><\/p>\n<p><a href=\"https:\/\/otri.umh.es\/2021\/03\/15\/programa-de-impulso-a-la-comunicacion-cientifica-csic-fundacion-bbva\/\">Programa de impulso a la comunicaci\u00f3n cient\u00edfica CSIC-FBBVA<\/a><\/p>\n<p><a href=\"https:\/\/otri.umh.es\/2021\/03\/08\/xviii-premio-de-investigacion-burdinola\/\">Premio de Investigaci\u00f3n BURDINOLA<\/a><\/p>\n<p><a href=\"https:\/\/otri.umh.es\/2021\/03\/03\/premio-de-divulgacion-sobre-medicina-y-salud-_-fundacion-lilly-y-the-conversation-espana\/\">Premio de divulgaci\u00f3n sobre Medicina y Salud _ Fundaci\u00f3n Lilly y The Conversation Espa\u00f1a<\/a><\/p>\n<p><a href=\"https:\/\/otri.umh.es\/2021\/03\/03\/premio-internacional-de-seguros-julio-castelo-matran\/\">Premio Internacional de Seguros Julio Castelo Matr\u00e1n<\/a><\/p>\n<p><a href=\"https:\/\/otri.umh.es\/2021\/03\/02\/premio-francisco-cobos-2021\/\">Premio Francisco Cobos 2021<\/a><\/p>\n<p><a href=\"https:\/\/otri.umh.es\/2021\/02\/11\/premios-de-investigacion-en-nefrologia-2021\/\">Premios de Investigaci\u00f3n en Nefrolog\u00eda _ Fundaci\u00f3n Renal \u00cd\u00f1igo \u00c1lvarez de Toledo<\/a><\/p>\n<p><a href=\"https:\/\/otri.umh.es\/2021\/02\/01\/premios-fundacion-banco-sabadell-4\/\">Premios Fundaci\u00f3n Banco Sabadell<\/a><\/p>\n<p><a href=\"https:\/\/otri.umh.es\/2021\/01\/20\/premios-fundacion-bbva-fronteras-del-conocimiento\/\">Premios Fundaci\u00f3n BBVA Fronteras del Conocimiento<\/a><\/p>\n<p><a href=\"https:\/\/otri.umh.es\/2021\/01\/15\/premios-rei-jaume-i-2021\/\">Premio Rei Jaume I<\/a><\/p>\n<p><a href=\"https:\/\/otri.umh.es\/2021\/01\/15\/premio-de-investigacion-en-farmacologia-fundacion-dr-antoni-esteve\/\">Premio de investigaci\u00f3n en Farmacolog\u00eda _ Fundaci\u00f3n Dr. Antoni Esteve<\/a><\/p>\n<p><a href=\"https:\/\/otri.umh.es\/2021\/01\/15\/premio-fondena-2021\/\">Premio Fondena<\/a><\/p>\n<p><a href=\"https:\/\/otri.umh.es\/2021\/01\/07\/premios-fundacion-lilly-de-investigacion-biomedica-preclinica-y-clinica-2021\/\">Premios Fundaci\u00f3n Lilly de investigaci\u00f3n biom\u00e9dica<\/a><\/p>","protected":false},"excerpt":{"rendered":"<p>Si desitja rebre informaci\u00f3 actualitzada sobre les noves convocat\u00f2ries de Premis que es vagen publicant en aquest apartat, ha de fer-ho a trav\u00e9s de la font de continguts RSS situada en la part inferior esquerra de la pantalla, en la qual es mostren totes les categories, en les quals est\u00e0 classificat aquest blog, a les [&#8230;]<\/p>\n","protected":false},"author":475,"featured_media":0,"parent":161,"menu_order":0,"comment_status":"closed","ping_status":"closed","template":"","meta":{"_links_to":"","_links_to_target":""},"_links":{"self":[{"href":"https:\/\/sgi.umh.es\/ca\/wp-json\/wp\/v2\/pages\/163"}],"collection":[{"href":"https:\/\/sgi.umh.es\/ca\/wp-json\/wp\/v2\/pages"}],"about":[{"href":"https:\/\/sgi.umh.es\/ca\/wp-json\/wp\/v2\/types\/page"}],"author":[{"embeddable":true,"href":"https:\/\/sgi.umh.es\/ca\/wp-json\/wp\/v2\/users\/475"}],"replies":[{"embeddable":true,"href":"https:\/\/sgi.umh.es\/ca\/wp-json\/wp\/v2\/comments?post=163"}],"version-history":[{"count":0,"href":"https:\/\/sgi.umh.es\/ca\/wp-json\/wp\/v2\/pages\/163\/revisions"}],"up":[{"embeddable":true,"href":"https:\/\/sgi.umh.es\/ca\/wp-json\/wp\/v2\/pages\/161"}],"wp:attachment":[{"href":"https:\/\/sgi.umh.es\/ca\/wp-json\/wp\/v2\/media?parent=163"}],"curies":[{"name":"wp","href":"https:\/\/api.w.org\/{rel}","templated":true}]}}