{"id":15002,"date":"2021-02-26T12:47:58","date_gmt":"2021-02-26T11:47:58","guid":{"rendered":"https:\/\/otri.umh.es\/?page_id=15002"},"modified":"2026-04-02T11:33:28","modified_gmt":"2026-04-02T09:33:28","slug":"programa-horizon-europe","status":"publish","type":"page","link":"https:\/\/sgi.umh.es\/ca\/programa-horizon-europe\/","title":{"rendered":"Programa Horizon Europe"},"content":{"rendered":"<p><\/p>\n<p class=\"titulo-cuerpo\"><span style=\"color: #000000\"><a style=\"color: #000000\" href=\"https:\/\/otri.umh.es\/ca\/convocatorias-horizon-europe\/\" rel=\"noopener noreferrer\"><strong>CONVOCAT\u00d2RIES Horizon Europe<\/strong><\/a>\u00a0<\/span><\/p>\n<p>14\/05\/2026 &#8211; <span style=\"color: #000000\"><a style=\"color: #000000\" href=\"https:\/\/sgi.umh.es\/ca\/2026\/04\/02\/reading-days-erc-2026\/\">Reading Days ERC 2026<\/a><\/span><\/p>\n<p>20\/03\/2025 &#8211; <span style=\"color: #000000\"><a style=\"color: #000000\" href=\"https:\/\/sgi.umh.es\/ca\/2025\/03\/13\/taller-de-preparacion-de-propuestas-erc-advanced-grant-2025\/\">Taller de preparaci\u00f3 de propostes \u2013 ERC Advanced Grant 2025<\/a><\/span><\/p>\n<p>05\/07\/2023 &#8211;\u00a0<span style=\"color: #000000\"> <a style=\"color: #000000\" href=\"https:\/\/otri.umh.es\/ca\/2023\/06\/26\/jornada-horizon-europe-topics-2024-cluster-1-salud-novedades\/\" rel=\"noopener\">Jornada HORIZON EUROPE Topics 2024,\u00a0 Cluster 1: Salut \u2013 Novetats\u00a0 (lump sums y blind evaluation)<\/a><\/span><\/p>\n<p><span style=\"color: #000000\"><a style=\"color: #000000\" href=\"https:\/\/sgi.umh.es\/files\/2025\/12\/Guia-Horizon-Europe_v1.3_FINAL.pdf\"><strong>Guia Horizon Europe<\/strong><\/a><\/span><\/p>\n<p><img loading=\"lazy\" class=\"aligncenter wp-image-15004\" src=\"https:\/\/otri.umh.es\/files\/2021\/02\/Horizon-Europe.jpg\" alt=\"\" width=\"518\" height=\"244\" srcset=\"https:\/\/sgi.umh.es\/files\/2021\/02\/Horizon-Europe.jpg 995w, https:\/\/sgi.umh.es\/files\/2021\/02\/Horizon-Europe-300x141.jpg 300w, https:\/\/sgi.umh.es\/files\/2021\/02\/Horizon-Europe-768x362.jpg 768w\" sizes=\"(max-width: 518px) 100vw, 518px\" \/><\/p>\n<p>El nou programa <strong>Horizon Europe<\/strong> pret\u00e9n ser una evoluci\u00f3 del programa marc Horizon 2020, i comptar\u00e0 amb un pressupost proposat molt elevat, convertint-se en el programa de finan\u00e7ament de la I+D+i m\u00e9s gran fins al moment a la Uni\u00f3 Europea.<\/p>\n<p><img loading=\"lazy\" class=\"alignnone wp-image-15007\" src=\"https:\/\/otri.umh.es\/files\/2021\/02\/Horizon-Europe_1.jpg\" alt=\"\" width=\"426\" height=\"289\" srcset=\"https:\/\/sgi.umh.es\/files\/2021\/02\/Horizon-Europe_1.jpg 567w, https:\/\/sgi.umh.es\/files\/2021\/02\/Horizon-Europe_1-300x204.jpg 300w\" sizes=\"(max-width: 426px) 100vw, 426px\" \/><\/p>\n<p><strong>La composici\u00f3<\/strong> del programa Horizon Europe continuar\u00e0 estructurant-se en tres pilars:<\/p>\n<p><img loading=\"lazy\" class=\"alignnone wp-image-15010\" src=\"https:\/\/otri.umh.es\/files\/2021\/02\/Horizon-Europe_2-300x155.jpg\" alt=\"\" width=\"583\" height=\"302\" srcset=\"https:\/\/sgi.umh.es\/files\/2021\/02\/Horizon-Europe_2-300x155.jpg 300w, https:\/\/sgi.umh.es\/files\/2021\/02\/Horizon-Europe_2.jpg 512w\" sizes=\"(max-width: 583px) 100vw, 583px\" \/><\/p>\n<p><strong>Nou concepte: les \u201cMissions\u201d<\/strong><\/p>\n<p>No seran programes I+D tradicionals, sin\u00f3 grans iniciatives intersectorials i multidisciplin\u00e0ries al voltant de cinc \u00e0rees identificades intersectorials i interdisciplin\u00e0ries per a solucionar reptes i problemes, amb un enfocament inspirat en la missi\u00f3 Apol\u00b7lo 11 que va portar a l&#8217;home a la lluna.<\/p>\n<p><img loading=\"lazy\" class=\"alignnone wp-image-15012\" src=\"https:\/\/otri.umh.es\/files\/2021\/02\/Horizon-Europe_3-300x228.jpg\" alt=\"\" width=\"469\" height=\"356\" srcset=\"https:\/\/sgi.umh.es\/files\/2021\/02\/Horizon-Europe_3-300x228.jpg 300w, https:\/\/sgi.umh.es\/files\/2021\/02\/Horizon-Europe_3-768x583.jpg 768w, https:\/\/sgi.umh.es\/files\/2021\/02\/Horizon-Europe_3-1024x778.jpg 1024w, https:\/\/sgi.umh.es\/files\/2021\/02\/Horizon-Europe_3.jpg 1089w\" sizes=\"(max-width: 469px) 100vw, 469px\" \/><\/p>","protected":false},"excerpt":{"rendered":"<p>CONVOCAT\u00d2RIES Horizon Europe\u00a0<br \/>\n14\/05\/2026 &#8211; Reading Days ERC 2026<br \/>\n20\/03\/2025 &#8211; Taller de preparaci\u00f3 de propostes \u2013 ERC Advanced Grant 2025<br \/>\n05\/07\/2023 &#8211;\u00a0 Jornada HORIZON EUROPE Topics 2024,\u00a0 Cluster 1: Salut \u2013 Novetats\u00a0 (lump sums y blind evaluation)<br \/>\nGuia Horizon Europe<\/p>\n<p>El nou programa Horizon Europe pret\u00e9n ser una evoluci\u00f3 del programa marc Horizon 2020, i comptar\u00e0 amb un pressupost [&#8230;]<\/p>\n","protected":false},"author":479,"featured_media":0,"parent":0,"menu_order":0,"comment_status":"closed","ping_status":"closed","template":"","meta":{"_links_to":"","_links_to_target":""},"_links":{"self":[{"href":"https:\/\/sgi.umh.es\/ca\/wp-json\/wp\/v2\/pages\/15002"}],"collection":[{"href":"https:\/\/sgi.umh.es\/ca\/wp-json\/wp\/v2\/pages"}],"about":[{"href":"https:\/\/sgi.umh.es\/ca\/wp-json\/wp\/v2\/types\/page"}],"author":[{"embeddable":true,"href":"https:\/\/sgi.umh.es\/ca\/wp-json\/wp\/v2\/users\/479"}],"replies":[{"embeddable":true,"href":"https:\/\/sgi.umh.es\/ca\/wp-json\/wp\/v2\/comments?post=15002"}],"version-history":[{"count":0,"href":"https:\/\/sgi.umh.es\/ca\/wp-json\/wp\/v2\/pages\/15002\/revisions"}],"wp:attachment":[{"href":"https:\/\/sgi.umh.es\/ca\/wp-json\/wp\/v2\/media?parent=15002"}],"curies":[{"name":"wp","href":"https:\/\/api.w.org\/{rel}","templated":true}]}}